{"id":18603,"date":"2017-09-13T10:32:50","date_gmt":"2017-09-13T10:32:50","guid":{"rendered":"https:\/\/www.malik.management\/?page_id=18603\/"},"modified":"2017-09-13T10:46:07","modified_gmt":"2017-09-13T10:46:07","slug":"heinz-von-foerster-preis","status":"publish","type":"page","link":"https:\/\/www.malik-management.com\/de\/heinz-von-foerster-preis\/","title":{"rendered":"Heinz von Foerster-Preis"},"content":{"rendered":"<div class=\"fusion-fullwidth fullwidth-box fusion-builder-row-1 nonhundred-percent-fullwidth non-hundred-percent-height-scrolling\" style=\"--awb-border-radius-top-left:0px;--awb-border-radius-top-right:0px;--awb-border-radius-bottom-right:0px;--awb-border-radius-bottom-left:0px;--awb-flex-wrap:wrap;\" ><div class=\"fusion-builder-row fusion-row\"><div class=\"fusion-layout-column fusion_builder_column fusion-builder-column-0 fusion_builder_column_3_4 3_4 fusion-three-fourth fusion-column-first fusion-animated\" style=\"--awb-bg-size:cover;width:75%;width:calc(75% - ( ( 4% ) * 0.75 ) );margin-right: 4%;\" data-animationType=\"fadeInLeft\" data-animationDuration=\"1.0\" data-animationOffset=\"top-into-view\"><div class=\"fusion-column-wrapper fusion-flex-column-wrapper-legacy\"><div class=\"fusion-text fusion-text-1\"><div id=\"content-center\">\n<h2>Heinz von Foerster-Preis f\u00fcr Organisationskybernetik<\/h2>\n<\/div>\n<\/div><a class=\"awb-lightbox awb-lightbox-1 malik_solutions_main_right_image01\" href=\"https:\/\/www.malik-management.com\/wp-content\/uploads\/2017\/09\/malik-awards-heinz-von-foerster-preis-1.jpg\" data-rel=\"iLightbox\"><img decoding=\"async\" src=\"https:\/\/www.malik-management.com\/wp-content\/uploads\/2017\/09\/malik-awards-heinz-von-foerster-preis-popup.jpg\"><\/a><div class=\"fusion-text fusion-text-2\"><p><span class=\"leadtext\">Prof. Dr. Fredmund Malik erhielt im J\u00e4nner 2010 den &#8222;Heinz von Foerster-Preis&#8220; f\u00fcr Organisationskybernetik an der Universit\u00e4t in Hagen. Die Jury entschied sich einstimmig f\u00fcr Malik als Preistr\u00e4ger.<\/span><\/p>\n<\/div><div class=\"fusion-text fusion-text-3\"><div class=\"block-element01\">\n<p>Mit dem Heinz-von-Foerster-Preis f\u00fcr Organisationskybernetik werden herausragende Leistungen in den Bereichen Unternehmensf\u00fchrung und Unternehmens- und Personalberatung auf der Grundlage kyberneti\u00adschen Denkens sowie unter Anwendung kybernetischer Modelle und Ver\u00adfahren gew\u00fcrdigt. Der Preis wird gemeinsam von der Deutschen Gesell\u00adschaft f\u00fcr Kybernetik e.V. (GfK) und dem Kuratorium Wirtschaftskompetenz f\u00fcr Europa e.V. (KWE) vergeben. Fr\u00fchere Tr\u00e4ger des Preises sind u.a. Professor em. Dr. phil. Herbert Stachowiak und Professor Dr.-Ing. habil. G\u00fcnter Ropohl.<\/p>\n<p>Heinz von Foerster war ein \u00f6sterreichischer Physiker, der als Mitbegr\u00fcnder der kybernetischen Wissenschaft gilt. Er lebte seit 1949 in den USA, wo er mit den Pionieren der Kybernetik zusammenarbeitete \u2013 unter ihnen Nor\u00adbert Wiener, Warren McCulloch und John von Neumann \u2013 und an der Uni\u00adversit\u00e4t von Illinois das Biological Computer Laboratory (BCL) gr\u00fcndete, das zu einem wichtigen Zentrum der Forschung in den Bereichen Kognitionswissenschaft und Erkenntnistheorie wurde.<\/p>\n<\/div>\n<\/div><div class=\"fusion-image-element fusion-image-align-center in-legacy-container\" style=\"text-align:center;--awb-caption-title-font-family:var(--h2_typography-font-family);--awb-caption-title-font-weight:var(--h2_typography-font-weight);--awb-caption-title-font-style:var(--h2_typography-font-style);--awb-caption-title-size:var(--h2_typography-font-size);--awb-caption-title-transform:var(--h2_typography-text-transform);--awb-caption-title-line-height:var(--h2_typography-line-height);--awb-caption-title-letter-spacing:var(--h2_typography-letter-spacing);\"><div class=\"imageframe-align-center\"><span class=\" fusion-imageframe imageframe-dropshadow imageframe-1 hover-type-zoomin malik_solutions_main_right_image01\" style=\"-webkit-box-shadow: 3px 3px 7px rgba(0,0,0,0.3);box-shadow: 3px 3px 7px rgba(0,0,0,0.3);\"><img decoding=\"async\" width=\"430\" height=\"307\" title=\"malik-awards-heinz-von-foerster-preis-uebergabe\" src=\"https:\/\/www.malik-management.com\/wp-content\/uploads\/2017\/09\/malik-awards-heinz-von-foerster-preis-uebergabe-1.jpg\" alt class=\"img-responsive wp-image-18626\" srcset=\"https:\/\/www.malik-management.com\/wp-content\/uploads\/2017\/09\/malik-awards-heinz-von-foerster-preis-uebergabe-1-200x143.jpg 200w, https:\/\/www.malik-management.com\/wp-content\/uploads\/2017\/09\/malik-awards-heinz-von-foerster-preis-uebergabe-1-400x286.jpg 400w, https:\/\/www.malik-management.com\/wp-content\/uploads\/2017\/09\/malik-awards-heinz-von-foerster-preis-uebergabe-1.jpg 430w\" sizes=\"(max-width: 800px) 100vw, 430px\" \/><\/span><\/div><\/div><div class=\"fusion-text fusion-text-4\"><div class=\"block-element01\">\n<p><span style=\"font-size:11px;\"><em><span style=\"color: rgb(105, 105, 105);\">v.l.: Hon.-Prof. Dr. Siegfried Piotrowski (Vorsitzender der Deutschen Gesellschaft f\u00fcr Kybernetik und Sprecher der Jury), Prof. Dr. Fredmund Malik, Univ. Prof. Dr. Dr. Gerhard Ortner, der den Preis \u00fcberreichte (Vorstandsvorsitzender des Kuratoriums Wirtschafts- kompetenz f\u00fcr Europa e.V.) und Prof. Dr.-Ing. Helmut Hoyer (Rektor der FernUniversit\u00e4t Hagen)<\/span><\/em><\/span><\/p>\n<\/div>\n<\/div><div class=\"fusion-clearfix\"><\/div><\/div><\/div><div class=\"fusion-layout-column fusion_builder_column fusion-builder-column-1 fusion_builder_column_1_4 1_4 fusion-one-fourth fusion-column-last malik_solutions_main_right fusion-animated\" style=\"--awb-bg-size:cover;width:25%;width:calc(25% - ( ( 4% ) * 0.25 ) );\" data-animationType=\"fadeInLeft\" data-animationDuration=\"1.0\" data-animationOffset=\"top-into-view\"><div class=\"fusion-column-wrapper fusion-flex-column-wrapper-legacy\"><div class=\"fusion-text fusion-text-5\"><div class=\"rightside_links_panel\">\n<h4>Informationen zum Heinz-von-Foerster-Preis<\/h4>\n<ul>\n<li><a class=\"pimcore_icon_pdf\" href=\"http:\/\/www.bb-medien.de\/kwe\/front_content.php?idcat=1473\" target=\"_blank\" rel=\"noopener\">Kuratorium Wirtschaftskompetenz f\u00fcr Europa e.V.<\/a><\/li>\n<li><a class=\"pimcore_icon_pdf\" href=\"http:\/\/www.kybernetiknet.de\/gfk.html\" target=\"_blank\" rel=\"noopener\">Deutsche Gesellschaft f\u00fcr Kybernetik<\/a><\/li>\n<\/ul>\n<\/div>\n<\/div><div class=\"fusion-sep-clear\"><\/div><div class=\"fusion-separator fusion-full-width-sep\" style=\"margin-left: auto;margin-right: auto;margin-top:10px;margin-bottom:10px;width:100%;\"><div class=\"fusion-separator-border sep-single sep-solid\" style=\"--awb-height:20px;--awb-amount:20px;border-color:#336699;border-top-width:1px;\"><\/div><\/div><div class=\"fusion-sep-clear\"><\/div><div class=\"fusion-image-element fusion-image-align-center in-legacy-container\" style=\"text-align:center;--awb-caption-title-font-family:var(--h2_typography-font-family);--awb-caption-title-font-weight:var(--h2_typography-font-weight);--awb-caption-title-font-style:var(--h2_typography-font-style);--awb-caption-title-size:var(--h2_typography-font-size);--awb-caption-title-transform:var(--h2_typography-text-transform);--awb-caption-title-line-height:var(--h2_typography-line-height);--awb-caption-title-letter-spacing:var(--h2_typography-letter-spacing);\"><div class=\"imageframe-align-center\"><span class=\" fusion-imageframe imageframe-dropshadow imageframe-2 hover-type-zoomin malik_solutions_main_right_image01\" style=\"-webkit-box-shadow: 3px 3px 7px rgba(0,0,0,0.3);box-shadow: 3px 3px 7px rgba(0,0,0,0.3);\"><a class=\"fusion-no-lightbox\" href=\"http:\/\/shop.malik-management.com\/90-jahre-heinz-von-foerster.html\" target=\"_blank\" aria-label=\"malik-dvd-90-jahre-heinz-von-foerster-236&#215;200\" rel=\"noopener noreferrer\"><img decoding=\"async\" width=\"236\" height=\"200\" src=\"https:\/\/www.malik-management.com\/wp-content\/uploads\/2017\/09\/malik-dvd-90-jahre-heinz-von-foerster-236x200.png\" alt class=\"img-responsive wp-image-18607\" srcset=\"https:\/\/www.malik-management.com\/wp-content\/uploads\/2017\/09\/malik-dvd-90-jahre-heinz-von-foerster-236x200-200x169.png 200w, https:\/\/www.malik-management.com\/wp-content\/uploads\/2017\/09\/malik-dvd-90-jahre-heinz-von-foerster-236x200.png 236w\" sizes=\"(max-width: 236px) 100vw, 236px\" \/><\/a><\/span><\/div><\/div><div class=\"fusion-text fusion-text-6\"><p style=\"text-align: center;\">\n\t<a href=\"http:\/\/shop.malik-management.com\/90-jahre-heinz-von-foerster.html\" target=\"_blank\">DVD: 90 Jahre Heinz von Foerster<\/a><\/p>\n<\/div><div class=\"fusion-sep-clear\"><\/div><div class=\"fusion-separator fusion-full-width-sep\" style=\"margin-left: auto;margin-right: auto;margin-top:10px;margin-bottom:10px;width:100%;\"><div class=\"fusion-separator-border sep-single sep-solid\" style=\"--awb-height:20px;--awb-amount:20px;border-color:#336699;border-top-width:1px;\"><\/div><\/div><div class=\"fusion-sep-clear\"><\/div><div class=\"fusion-clearfix\"><\/div><\/div><\/div><\/div><\/div>\n","protected":false},"excerpt":{"rendered":"","protected":false},"author":17,"featured_media":0,"parent":0,"menu_order":0,"comment_status":"closed","ping_status":"closed","template":"","meta":{"_acf_changed":false,"_bbp_topic_count":0,"_bbp_reply_count":0,"_bbp_total_topic_count":0,"_bbp_total_reply_count":0,"_bbp_voice_count":0,"_bbp_anonymous_reply_count":0,"_bbp_topic_count_hidden":0,"_bbp_reply_count_hidden":0,"_bbp_forum_subforum_count":0,"footnotes":""},"class_list":["post-18603","page","type-page","status-publish","hentry"],"acf":[],"yoast_head":"<!-- This site is optimized with the Yoast SEO plugin v26.4 - https:\/\/yoast.com\/wordpress\/plugins\/seo\/ -->\n<title>Heinz von Foerster-Preis - Malik Management<\/title>\n<meta name=\"robots\" content=\"index, follow, max-snippet:-1, max-image-preview:large, max-video-preview:-1\" \/>\n<link rel=\"canonical\" href=\"https:\/\/www.malik-management.com\/de\/heinz-von-foerster-preis\/\" \/>\n<meta property=\"og:locale\" content=\"de_DE\" \/>\n<meta property=\"og:type\" content=\"article\" \/>\n<meta property=\"og:title\" content=\"Heinz von Foerster-Preis - Malik Management\" \/>\n<meta property=\"og:url\" content=\"https:\/\/www.malik-management.com\/de\/heinz-von-foerster-preis\/\" \/>\n<meta property=\"og:site_name\" content=\"Malik Management\" \/>\n<meta property=\"article:modified_time\" content=\"2017-09-13T10:46:07+00:00\" \/>\n<meta property=\"og:image\" content=\"https:\/\/www.malik-management.com\/wp-content\/uploads\/2017\/09\/malik-awards-heinz-von-foerster-preis-popup.jpg\" \/>\n<meta name=\"twitter:card\" content=\"summary_large_image\" \/>\n<meta name=\"twitter:label1\" content=\"Gesch\u00e4tzte Lesezeit\" \/>\n\t<meta name=\"twitter:data1\" content=\"4\u00a0Minuten\" \/>\n<script type=\"application\/ld+json\" class=\"yoast-schema-graph\">{\"@context\":\"https:\/\/schema.org\",\"@graph\":[{\"@type\":\"WebPage\",\"@id\":\"https:\/\/www.malik-management.com\/de\/heinz-von-foerster-preis\/\",\"url\":\"https:\/\/www.malik-management.com\/de\/heinz-von-foerster-preis\/\",\"name\":\"Heinz von Foerster-Preis - Malik Management\",\"isPartOf\":{\"@id\":\"https:\/\/www.malik-management.com\/de\/#website\"},\"primaryImageOfPage\":{\"@id\":\"https:\/\/www.malik-management.com\/de\/heinz-von-foerster-preis\/#primaryimage\"},\"image\":{\"@id\":\"https:\/\/www.malik-management.com\/de\/heinz-von-foerster-preis\/#primaryimage\"},\"thumbnailUrl\":\"https:\/\/www.malik-management.com\/wp-content\/uploads\/2017\/09\/malik-awards-heinz-von-foerster-preis-popup.jpg\",\"datePublished\":\"2017-09-13T10:32:50+00:00\",\"dateModified\":\"2017-09-13T10:46:07+00:00\",\"breadcrumb\":{\"@id\":\"https:\/\/www.malik-management.com\/de\/heinz-von-foerster-preis\/#breadcrumb\"},\"inLanguage\":\"de\",\"potentialAction\":[{\"@type\":\"ReadAction\",\"target\":[\"https:\/\/www.malik-management.com\/de\/heinz-von-foerster-preis\/\"]}]},{\"@type\":\"ImageObject\",\"inLanguage\":\"de\",\"@id\":\"https:\/\/www.malik-management.com\/de\/heinz-von-foerster-preis\/#primaryimage\",\"url\":\"https:\/\/www.malik-management.com\/wp-content\/uploads\/2017\/09\/malik-awards-heinz-von-foerster-preis-popup.jpg\",\"contentUrl\":\"https:\/\/www.malik-management.com\/wp-content\/uploads\/2017\/09\/malik-awards-heinz-von-foerster-preis-popup.jpg\"},{\"@type\":\"BreadcrumbList\",\"@id\":\"https:\/\/www.malik-management.com\/de\/heinz-von-foerster-preis\/#breadcrumb\",\"itemListElement\":[{\"@type\":\"ListItem\",\"position\":1,\"name\":\"Home\",\"item\":\"https:\/\/www.malik-management.com\/de\/\"},{\"@type\":\"ListItem\",\"position\":2,\"name\":\"Heinz von Foerster-Preis\"}]},{\"@type\":\"WebSite\",\"@id\":\"https:\/\/www.malik-management.com\/de\/#website\",\"url\":\"https:\/\/www.malik-management.com\/de\/\",\"name\":\"Malik Management\",\"description\":\"Beyond conventional management\",\"publisher\":{\"@id\":\"https:\/\/www.malik-management.com\/de\/#organization\"},\"potentialAction\":[{\"@type\":\"SearchAction\",\"target\":{\"@type\":\"EntryPoint\",\"urlTemplate\":\"https:\/\/www.malik-management.com\/de\/?s={search_term_string}\"},\"query-input\":{\"@type\":\"PropertyValueSpecification\",\"valueRequired\":true,\"valueName\":\"search_term_string\"}}],\"inLanguage\":\"de\"},{\"@type\":\"Organization\",\"@id\":\"https:\/\/www.malik-management.com\/de\/#organization\",\"name\":\"malik international AG\",\"url\":\"https:\/\/www.malik-management.com\/de\/\",\"logo\":{\"@type\":\"ImageObject\",\"inLanguage\":\"de\",\"@id\":\"https:\/\/www.malik-management.com\/de\/#\/schema\/logo\/image\/\",\"url\":\"https:\/\/www.malik-management.com\/wp-content\/uploads\/2018\/09\/Logo_malik_weiss-klein3.png\",\"contentUrl\":\"https:\/\/www.malik-management.com\/wp-content\/uploads\/2018\/09\/Logo_malik_weiss-klein3.png\",\"width\":140,\"height\":41,\"caption\":\"malik international AG\"},\"image\":{\"@id\":\"https:\/\/www.malik-management.com\/de\/#\/schema\/logo\/image\/\"},\"sameAs\":[\"https:\/\/www.linkedin.com\/company\/30160\",\"https:\/\/www.youtube.com\/user\/malikmanagement\"]}]}<\/script>\n<!-- \/ Yoast SEO plugin. -->","yoast_head_json":{"title":"Heinz von Foerster-Preis - Malik Management","robots":{"index":"index","follow":"follow","max-snippet":"max-snippet:-1","max-image-preview":"max-image-preview:large","max-video-preview":"max-video-preview:-1"},"canonical":"https:\/\/www.malik-management.com\/de\/heinz-von-foerster-preis\/","og_locale":"de_DE","og_type":"article","og_title":"Heinz von Foerster-Preis - Malik Management","og_url":"https:\/\/www.malik-management.com\/de\/heinz-von-foerster-preis\/","og_site_name":"Malik Management","article_modified_time":"2017-09-13T10:46:07+00:00","og_image":[{"url":"https:\/\/www.malik-management.com\/wp-content\/uploads\/2017\/09\/malik-awards-heinz-von-foerster-preis-popup.jpg","type":"","width":"","height":""}],"twitter_card":"summary_large_image","twitter_misc":{"Gesch\u00e4tzte Lesezeit":"4\u00a0Minuten"},"schema":{"@context":"https:\/\/schema.org","@graph":[{"@type":"WebPage","@id":"https:\/\/www.malik-management.com\/de\/heinz-von-foerster-preis\/","url":"https:\/\/www.malik-management.com\/de\/heinz-von-foerster-preis\/","name":"Heinz von Foerster-Preis - Malik Management","isPartOf":{"@id":"https:\/\/www.malik-management.com\/de\/#website"},"primaryImageOfPage":{"@id":"https:\/\/www.malik-management.com\/de\/heinz-von-foerster-preis\/#primaryimage"},"image":{"@id":"https:\/\/www.malik-management.com\/de\/heinz-von-foerster-preis\/#primaryimage"},"thumbnailUrl":"https:\/\/www.malik-management.com\/wp-content\/uploads\/2017\/09\/malik-awards-heinz-von-foerster-preis-popup.jpg","datePublished":"2017-09-13T10:32:50+00:00","dateModified":"2017-09-13T10:46:07+00:00","breadcrumb":{"@id":"https:\/\/www.malik-management.com\/de\/heinz-von-foerster-preis\/#breadcrumb"},"inLanguage":"de","potentialAction":[{"@type":"ReadAction","target":["https:\/\/www.malik-management.com\/de\/heinz-von-foerster-preis\/"]}]},{"@type":"ImageObject","inLanguage":"de","@id":"https:\/\/www.malik-management.com\/de\/heinz-von-foerster-preis\/#primaryimage","url":"https:\/\/www.malik-management.com\/wp-content\/uploads\/2017\/09\/malik-awards-heinz-von-foerster-preis-popup.jpg","contentUrl":"https:\/\/www.malik-management.com\/wp-content\/uploads\/2017\/09\/malik-awards-heinz-von-foerster-preis-popup.jpg"},{"@type":"BreadcrumbList","@id":"https:\/\/www.malik-management.com\/de\/heinz-von-foerster-preis\/#breadcrumb","itemListElement":[{"@type":"ListItem","position":1,"name":"Home","item":"https:\/\/www.malik-management.com\/de\/"},{"@type":"ListItem","position":2,"name":"Heinz von Foerster-Preis"}]},{"@type":"WebSite","@id":"https:\/\/www.malik-management.com\/de\/#website","url":"https:\/\/www.malik-management.com\/de\/","name":"Malik Management","description":"Beyond conventional management","publisher":{"@id":"https:\/\/www.malik-management.com\/de\/#organization"},"potentialAction":[{"@type":"SearchAction","target":{"@type":"EntryPoint","urlTemplate":"https:\/\/www.malik-management.com\/de\/?s={search_term_string}"},"query-input":{"@type":"PropertyValueSpecification","valueRequired":true,"valueName":"search_term_string"}}],"inLanguage":"de"},{"@type":"Organization","@id":"https:\/\/www.malik-management.com\/de\/#organization","name":"malik international AG","url":"https:\/\/www.malik-management.com\/de\/","logo":{"@type":"ImageObject","inLanguage":"de","@id":"https:\/\/www.malik-management.com\/de\/#\/schema\/logo\/image\/","url":"https:\/\/www.malik-management.com\/wp-content\/uploads\/2018\/09\/Logo_malik_weiss-klein3.png","contentUrl":"https:\/\/www.malik-management.com\/wp-content\/uploads\/2018\/09\/Logo_malik_weiss-klein3.png","width":140,"height":41,"caption":"malik international AG"},"image":{"@id":"https:\/\/www.malik-management.com\/de\/#\/schema\/logo\/image\/"},"sameAs":["https:\/\/www.linkedin.com\/company\/30160","https:\/\/www.youtube.com\/user\/malikmanagement"]}]}},"_links":{"self":[{"href":"https:\/\/www.malik-management.com\/de\/wp-json\/wp\/v2\/pages\/18603","targetHints":{"allow":["GET"]}}],"collection":[{"href":"https:\/\/www.malik-management.com\/de\/wp-json\/wp\/v2\/pages"}],"about":[{"href":"https:\/\/www.malik-management.com\/de\/wp-json\/wp\/v2\/types\/page"}],"author":[{"embeddable":true,"href":"https:\/\/www.malik-management.com\/de\/wp-json\/wp\/v2\/users\/17"}],"replies":[{"embeddable":true,"href":"https:\/\/www.malik-management.com\/de\/wp-json\/wp\/v2\/comments?post=18603"}],"version-history":[{"count":3,"href":"https:\/\/www.malik-management.com\/de\/wp-json\/wp\/v2\/pages\/18603\/revisions"}],"predecessor-version":[{"id":18617,"href":"https:\/\/www.malik-management.com\/de\/wp-json\/wp\/v2\/pages\/18603\/revisions\/18617"}],"wp:attachment":[{"href":"https:\/\/www.malik-management.com\/de\/wp-json\/wp\/v2\/media?parent=18603"}],"curies":[{"name":"wp","href":"https:\/\/api.w.org\/{rel}","templated":true}]}}