{"id":21849,"date":"2018-09-04T12:31:09","date_gmt":"2018-09-04T12:31:09","guid":{"rendered":"https:\/\/www.malik-management.com\/ueber-uns\/malik-presse-und-news\/malik-news\/"},"modified":"2020-08-19T10:42:08","modified_gmt":"2020-08-19T08:42:08","slug":"malik-news","status":"publish","type":"page","link":"https:\/\/www.malik-management.com\/de\/malik-presse-und-news\/malik-news\/","title":{"rendered":"Malik News"},"content":{"rendered":"<h2>Malik News<\/h2>\n<div id=\"content-center\">\n<p>Informationen zu Fredmund Malik, Malik, Events sowie aktuellen Publikationen von Fredmund Malik und der Buchreihe editionMalik. Dar\u00fcber hinaus finden Sie Pressemitteilungen und Interviews zu den Malik-L\u00f6sungen zur Bew\u00e4ltigung der Krise.<\/p>\n<\/div>\n<p><div class=\"fusion-recent-posts fusion-recent-posts-1 avada-container layout-default layout-columns-3\"><section class=\"fusion-columns columns fusion-columns-3 columns-3\"><article class=\"post fusion-column column col col-lg-4 col-md-4 col-sm-4\"><div class=\"recent-posts-content\"><span class=\"vcard\" style=\"display: none;\"><span class=\"fn\"><a href=\"https:\/\/www.malik-management.com\/de\/author\/svalentin\/\" title=\"Beitr\u00e4ge von Fredmund Malik\" rel=\"author\">Fredmund Malik<\/a><\/span><\/span><span class=\"updated\" style=\"display:none;\">2020-08-19T10:44:50+02:00<\/span><h4 class=\"entry-title\"><a href=\"https:\/\/www.malik-management.com\/de\/malik-bei-swr-leute\/\">Malik bei SWR \u00abLeute\u00bb<\/a><\/h4><p class=\"meta\"><span class=\"vcard\" style=\"display: none;\"><span class=\"fn\"><a href=\"https:\/\/www.malik-management.com\/de\/author\/svalentin\/\" title=\"Beitr\u00e4ge von Fredmund Malik\" rel=\"author\">Fredmund Malik<\/a><\/span><\/span><span class=\"updated\" style=\"display:none;\">2020-08-19T10:44:50+02:00<\/span><span>01.10.2019<\/span><span class=\"fusion-inline-sep\">|<\/span><span class=\"fusion-comments\"><a href=\"https:\/\/www.malik-management.com\/de\/malik-bei-swr-leute\/#comments\">8 Comments<\/a><\/span><\/p><p>Am 20. September 2019 war Fredmund Malik zu Gast in der SWR1-Sendung \u00abLeute\u00bb. Titel der Sendung: Management ist Handwerk und ein erlernbarer Beruf. Das Gespr\u00e4ch f\u00fchrte die SWR 1-Moderatorin, Frau Nicole K\u00f6ster. https:\/\/www.swr.de\/swr1\/bw\/swr1leute\/Bestsellerautor-Managementwissenschaftler-und-Unternehmer-Prof,fredmund-malik-104.html https:\/\/www.swr.de\/swr1\/bw\/swr1leute\/Managementvordenker-Europas-Prof,av-o1154564-100.html<\/p><\/div><\/article><article class=\"post fusion-column column col col-lg-4 col-md-4 col-sm-4\"><div class=\"recent-posts-content\"><span class=\"vcard\" style=\"display: none;\"><span class=\"fn\"><a href=\"https:\/\/www.malik-management.com\/de\/author\/fmalik\/\" title=\"Beitr\u00e4ge von Fredmund Malik\" rel=\"author\">Fredmund Malik<\/a><\/span><\/span><span class=\"updated\" style=\"display:none;\">2019-09-12T16:16:37+02:00<\/span><h4 class=\"entry-title\"><a href=\"https:\/\/www.malik-management.com\/de\/einfach-elektrisch-ehrlich-wie-vw-betrueger-image-loswerden-will\/\">Einfach, elektrisch, ehrlich &#8211; Wie VW das Betr\u00fcger-Image loswerden will.<\/a><\/h4><p class=\"meta\"><span class=\"vcard\" style=\"display: none;\"><span class=\"fn\"><a href=\"https:\/\/www.malik-management.com\/de\/author\/fmalik\/\" title=\"Beitr\u00e4ge von Fredmund Malik\" rel=\"author\">Fredmund Malik<\/a><\/span><\/span><span class=\"updated\" style=\"display:none;\">2019-09-12T16:16:37+02:00<\/span><span>23.07.2019<\/span><span class=\"fusion-inline-sep\">|<\/span><span class=\"fusion-comments\"><a href=\"https:\/\/www.malik-management.com\/de\/einfach-elektrisch-ehrlich-wie-vw-betrueger-image-loswerden-will\/#comments\">17 Comments<\/a><\/span><\/p><p> Unter Anleitung des St. Gallener Management-Lehrers Fredmund Malik arbeitete die VW-F\u00fchrung in Kleingruppen Ideen aus, schrieben sie auf Tafeln. Danach diskutierte die Gruppe eine Idee eine halbe Stunde lang, jeder musste versuchen, die Umstehenden [...]<\/p><\/div><\/article><article class=\"post fusion-column column col col-lg-4 col-md-4 col-sm-4\"><div class=\"recent-posts-content\"><span class=\"vcard\" style=\"display: none;\"><span class=\"fn\"><a href=\"https:\/\/www.malik-management.com\/de\/author\/admin\/\" title=\"Beitr\u00e4ge von Thomas Moroder\" rel=\"author\">Thomas Moroder<\/a><\/span><\/span><span class=\"updated\" style=\"display:none;\">2017-09-18T13:03:44+02:00<\/span><h4 class=\"entry-title\"><a href=\"https:\/\/www.malik-management.com\/de\/peoples-republic-of-china-friendship-award-2016\/\">People&#8217;s Republic of China Friendship Award 2016<\/a><\/h4><p class=\"meta\"><span class=\"vcard\" style=\"display: none;\"><span class=\"fn\"><a href=\"https:\/\/www.malik-management.com\/de\/author\/admin\/\" title=\"Beitr\u00e4ge von Thomas Moroder\" rel=\"author\">Thomas Moroder<\/a><\/span><\/span><span class=\"updated\" style=\"display:none;\">2017-09-18T13:03:44+02:00<\/span><span>18.09.2017<\/span><span class=\"fusion-inline-sep\">|<\/span><span class=\"fusion-comments\"><a href=\"https:\/\/www.malik-management.com\/de\/peoples-republic-of-china-friendship-award-2016\/#respond\">0 Comments<\/a><\/span><\/p><p>Prof. Fredmund Malik (l) and Vice Prime Minister Ma Kai (r) As one of 50 outstanding foreign experts and especially as advisor to the Chinese government, Prof. Fredmund Malik received the People's Republic of China [...]<\/p><\/div><\/article><article class=\"post fusion-column column col col-lg-4 col-md-4 col-sm-4\"><div class=\"recent-posts-content\"><span class=\"vcard\" style=\"display: none;\"><span class=\"fn\"><a href=\"https:\/\/www.malik-management.com\/de\/author\/fmalik\/\" title=\"Beitr\u00e4ge von Fredmund Malik\" rel=\"author\">Fredmund Malik<\/a><\/span><\/span><span class=\"updated\" style=\"display:none;\">2018-05-01T10:25:05+02:00<\/span><h4 class=\"entry-title\"><a href=\"https:\/\/www.malik-management.com\/de\/syntegration-fuer-eine-neue-europaeische-verfassung-der-convent-von-strassburg\/\">Syntegration f\u00fcr eine neue europ\u00e4ische Verfassung. Der Convent von Strassburg<\/a><\/h4><p class=\"meta\"><span class=\"vcard\" style=\"display: none;\"><span class=\"fn\"><a href=\"https:\/\/www.malik-management.com\/de\/author\/fmalik\/\" title=\"Beitr\u00e4ge von Fredmund Malik\" rel=\"author\">Fredmund Malik<\/a><\/span><\/span><span class=\"updated\" style=\"display:none;\">2018-05-01T10:25:05+02:00<\/span><span>12.03.2017<\/span><span class=\"fusion-inline-sep\">|<\/span><span class=\"fusion-comments\"><a href=\"https:\/\/www.malik-management.com\/de\/syntegration-fuer-eine-neue-europaeische-verfassung-der-convent-von-strassburg\/#comments\">13 Comments<\/a><\/span><\/p><p>Seit Donnerstagmittag arbeiten in Strassburg 150 junge Europ\u00e4erinnen und Europ\u00e4er mithilfe unserer Syntegrations-Methodik an einer neuen Verfassung f\u00fcr Europa. Nach vier Tagen\u00a0 harter, konzentrierter und durch Syntegration gepowerter Arbeit werden sie heute einen Entwurf daf\u00fcr [...]<\/p><\/div><\/article><article class=\"post fusion-column column col col-lg-4 col-md-4 col-sm-4\"><div class=\"recent-posts-content\"><span class=\"vcard\" style=\"display: none;\"><span class=\"fn\"><a href=\"https:\/\/www.malik-management.com\/de\/author\/admin\/\" title=\"Beitr\u00e4ge von Thomas Moroder\" rel=\"author\">Thomas Moroder<\/a><\/span><\/span><span class=\"updated\" style=\"display:none;\">2018-07-09T11:54:20+02:00<\/span><h4 class=\"entry-title\"><a href=\"https:\/\/www.malik-management.com\/de\/economic-reforms-in-vietnam-meeting-of-prime-minister-nguyen-xuan-phuc-und-professor-malik\/\">Economic Reforms in Vietnam \u2013 Meeting of Prime Minister Nguyen Xuan Phuc und Professor Malik<\/a><\/h4><p class=\"meta\"><span class=\"vcard\" style=\"display: none;\"><span class=\"fn\"><a href=\"https:\/\/www.malik-management.com\/de\/author\/admin\/\" title=\"Beitr\u00e4ge von Thomas Moroder\" rel=\"author\">Thomas Moroder<\/a><\/span><\/span><span class=\"updated\" style=\"display:none;\">2018-07-09T11:54:20+02:00<\/span><span>19.01.2017<\/span><span class=\"fusion-inline-sep\">|<\/span><span class=\"fusion-comments\"><a href=\"https:\/\/www.malik-management.com\/de\/economic-reforms-in-vietnam-meeting-of-prime-minister-nguyen-xuan-phuc-und-professor-malik\/#respond\">0 Comments<\/a><\/span><\/p><p>On Wednesday, January 18, 2017, Vietnam's Prime Minister Nguyen Xuan Phuc met with Professor Fredmund Malik and Dr. Constantin Malik to talk about building a consistent, synchronous and modern administrative regime to enhance governance efficiency [...]<\/p><\/div><\/article><\/section><\/div><div class=\"fusion-fullwidth fullwidth-box fusion-builder-row-1 nonhundred-percent-fullwidth non-hundred-percent-height-scrolling\" style=\"--awb-border-radius-top-left:0px;--awb-border-radius-top-right:0px;--awb-border-radius-bottom-right:0px;--awb-border-radius-bottom-left:0px;--awb-flex-wrap:wrap;\" ><\/div><\/p>\n","protected":false},"excerpt":{"rendered":"<p>Malik News Informationen zu Fredmund Malik, Malik, Events sowie aktuellen Publikationen von Fredmund Malik und der Buchreihe editionMalik. Dar\u00fcber hinaus finden Sie Pressemitteilungen und Interviews zu den Malik-L\u00f6sungen zur Bew\u00e4ltigung der Krise.<\/p>\n","protected":false},"author":17,"featured_media":0,"parent":21848,"menu_order":1,"comment_status":"closed","ping_status":"closed","template":"side-navigation.php","meta":{"_acf_changed":false,"_bbp_topic_count":0,"_bbp_reply_count":0,"_bbp_total_topic_count":0,"_bbp_total_reply_count":0,"_bbp_voice_count":0,"_bbp_anonymous_reply_count":0,"_bbp_topic_count_hidden":0,"_bbp_reply_count_hidden":0,"_bbp_forum_subforum_count":0,"footnotes":""},"class_list":["post-21849","page","type-page","status-publish","hentry"],"acf":[],"yoast_head":"<!-- This site is optimized with the Yoast SEO plugin v26.4 - https:\/\/yoast.com\/wordpress\/plugins\/seo\/ -->\n<title>Malik News - Malik Management<\/title>\n<meta name=\"robots\" content=\"index, follow, max-snippet:-1, max-image-preview:large, max-video-preview:-1\" \/>\n<link rel=\"canonical\" href=\"https:\/\/www.malik-management.com\/de\/malik-presse-und-news\/malik-news\/\" \/>\n<meta property=\"og:locale\" content=\"de_DE\" \/>\n<meta property=\"og:type\" content=\"article\" \/>\n<meta property=\"og:title\" content=\"Malik News - Malik Management\" \/>\n<meta property=\"og:description\" content=\"Malik News Informationen zu Fredmund Malik, Malik, Events sowie aktuellen Publikationen von Fredmund Malik und der Buchreihe editionMalik. Dar\u00fcber hinaus finden Sie Pressemitteilungen und Interviews zu den Malik-L\u00f6sungen zur Bew\u00e4ltigung der Krise.\" \/>\n<meta property=\"og:url\" content=\"https:\/\/www.malik-management.com\/de\/malik-presse-und-news\/malik-news\/\" \/>\n<meta property=\"og:site_name\" content=\"Malik Management\" \/>\n<meta property=\"article:modified_time\" content=\"2020-08-19T08:42:08+00:00\" \/>\n<meta name=\"twitter:card\" content=\"summary_large_image\" \/>\n<meta name=\"twitter:label1\" content=\"Gesch\u00e4tzte Lesezeit\" \/>\n\t<meta name=\"twitter:data1\" content=\"1\u00a0Minute\" \/>\n<script type=\"application\/ld+json\" class=\"yoast-schema-graph\">{\"@context\":\"https:\/\/schema.org\",\"@graph\":[{\"@type\":\"WebPage\",\"@id\":\"https:\/\/www.malik-management.com\/de\/malik-presse-und-news\/malik-news\/\",\"url\":\"https:\/\/www.malik-management.com\/de\/malik-presse-und-news\/malik-news\/\",\"name\":\"Malik News - Malik Management\",\"isPartOf\":{\"@id\":\"https:\/\/www.malik-management.com\/de\/#website\"},\"datePublished\":\"2018-09-04T12:31:09+00:00\",\"dateModified\":\"2020-08-19T08:42:08+00:00\",\"breadcrumb\":{\"@id\":\"https:\/\/www.malik-management.com\/de\/malik-presse-und-news\/malik-news\/#breadcrumb\"},\"inLanguage\":\"de\",\"potentialAction\":[{\"@type\":\"ReadAction\",\"target\":[\"https:\/\/www.malik-management.com\/de\/malik-presse-und-news\/malik-news\/\"]}]},{\"@type\":\"BreadcrumbList\",\"@id\":\"https:\/\/www.malik-management.com\/de\/malik-presse-und-news\/malik-news\/#breadcrumb\",\"itemListElement\":[{\"@type\":\"ListItem\",\"position\":1,\"name\":\"Home\",\"item\":\"https:\/\/www.malik-management.com\/de\/\"},{\"@type\":\"ListItem\",\"position\":2,\"name\":\"\u00dcber uns\",\"item\":\"https:\/\/www.malik-management.com\/de\/ueber-uns\/\"},{\"@type\":\"ListItem\",\"position\":3,\"name\":\"Malik Presse und News\",\"item\":\"https:\/\/www.malik-management.com\/de\/ueber-uns\/malik-presse-und-news\/\"},{\"@type\":\"ListItem\",\"position\":4,\"name\":\"Malik News\"}]},{\"@type\":\"WebSite\",\"@id\":\"https:\/\/www.malik-management.com\/de\/#website\",\"url\":\"https:\/\/www.malik-management.com\/de\/\",\"name\":\"Malik Management\",\"description\":\"Beyond conventional management\",\"publisher\":{\"@id\":\"https:\/\/www.malik-management.com\/de\/#organization\"},\"potentialAction\":[{\"@type\":\"SearchAction\",\"target\":{\"@type\":\"EntryPoint\",\"urlTemplate\":\"https:\/\/www.malik-management.com\/de\/?s={search_term_string}\"},\"query-input\":{\"@type\":\"PropertyValueSpecification\",\"valueRequired\":true,\"valueName\":\"search_term_string\"}}],\"inLanguage\":\"de\"},{\"@type\":\"Organization\",\"@id\":\"https:\/\/www.malik-management.com\/de\/#organization\",\"name\":\"malik international AG\",\"url\":\"https:\/\/www.malik-management.com\/de\/\",\"logo\":{\"@type\":\"ImageObject\",\"inLanguage\":\"de\",\"@id\":\"https:\/\/www.malik-management.com\/de\/#\/schema\/logo\/image\/\",\"url\":\"https:\/\/www.malik-management.com\/wp-content\/uploads\/2018\/09\/Logo_malik_weiss-klein3.png\",\"contentUrl\":\"https:\/\/www.malik-management.com\/wp-content\/uploads\/2018\/09\/Logo_malik_weiss-klein3.png\",\"width\":140,\"height\":41,\"caption\":\"malik international AG\"},\"image\":{\"@id\":\"https:\/\/www.malik-management.com\/de\/#\/schema\/logo\/image\/\"},\"sameAs\":[\"https:\/\/www.linkedin.com\/company\/30160\",\"https:\/\/www.youtube.com\/user\/malikmanagement\"]}]}<\/script>\n<!-- \/ Yoast SEO plugin. -->","yoast_head_json":{"title":"Malik News - Malik Management","robots":{"index":"index","follow":"follow","max-snippet":"max-snippet:-1","max-image-preview":"max-image-preview:large","max-video-preview":"max-video-preview:-1"},"canonical":"https:\/\/www.malik-management.com\/de\/malik-presse-und-news\/malik-news\/","og_locale":"de_DE","og_type":"article","og_title":"Malik News - Malik Management","og_description":"Malik News Informationen zu Fredmund Malik, Malik, Events sowie aktuellen Publikationen von Fredmund Malik und der Buchreihe editionMalik. Dar\u00fcber hinaus finden Sie Pressemitteilungen und Interviews zu den Malik-L\u00f6sungen zur Bew\u00e4ltigung der Krise.","og_url":"https:\/\/www.malik-management.com\/de\/malik-presse-und-news\/malik-news\/","og_site_name":"Malik Management","article_modified_time":"2020-08-19T08:42:08+00:00","twitter_card":"summary_large_image","twitter_misc":{"Gesch\u00e4tzte Lesezeit":"1\u00a0Minute"},"schema":{"@context":"https:\/\/schema.org","@graph":[{"@type":"WebPage","@id":"https:\/\/www.malik-management.com\/de\/malik-presse-und-news\/malik-news\/","url":"https:\/\/www.malik-management.com\/de\/malik-presse-und-news\/malik-news\/","name":"Malik News - Malik Management","isPartOf":{"@id":"https:\/\/www.malik-management.com\/de\/#website"},"datePublished":"2018-09-04T12:31:09+00:00","dateModified":"2020-08-19T08:42:08+00:00","breadcrumb":{"@id":"https:\/\/www.malik-management.com\/de\/malik-presse-und-news\/malik-news\/#breadcrumb"},"inLanguage":"de","potentialAction":[{"@type":"ReadAction","target":["https:\/\/www.malik-management.com\/de\/malik-presse-und-news\/malik-news\/"]}]},{"@type":"BreadcrumbList","@id":"https:\/\/www.malik-management.com\/de\/malik-presse-und-news\/malik-news\/#breadcrumb","itemListElement":[{"@type":"ListItem","position":1,"name":"Home","item":"https:\/\/www.malik-management.com\/de\/"},{"@type":"ListItem","position":2,"name":"\u00dcber uns","item":"https:\/\/www.malik-management.com\/de\/ueber-uns\/"},{"@type":"ListItem","position":3,"name":"Malik Presse und News","item":"https:\/\/www.malik-management.com\/de\/ueber-uns\/malik-presse-und-news\/"},{"@type":"ListItem","position":4,"name":"Malik News"}]},{"@type":"WebSite","@id":"https:\/\/www.malik-management.com\/de\/#website","url":"https:\/\/www.malik-management.com\/de\/","name":"Malik Management","description":"Beyond conventional management","publisher":{"@id":"https:\/\/www.malik-management.com\/de\/#organization"},"potentialAction":[{"@type":"SearchAction","target":{"@type":"EntryPoint","urlTemplate":"https:\/\/www.malik-management.com\/de\/?s={search_term_string}"},"query-input":{"@type":"PropertyValueSpecification","valueRequired":true,"valueName":"search_term_string"}}],"inLanguage":"de"},{"@type":"Organization","@id":"https:\/\/www.malik-management.com\/de\/#organization","name":"malik international AG","url":"https:\/\/www.malik-management.com\/de\/","logo":{"@type":"ImageObject","inLanguage":"de","@id":"https:\/\/www.malik-management.com\/de\/#\/schema\/logo\/image\/","url":"https:\/\/www.malik-management.com\/wp-content\/uploads\/2018\/09\/Logo_malik_weiss-klein3.png","contentUrl":"https:\/\/www.malik-management.com\/wp-content\/uploads\/2018\/09\/Logo_malik_weiss-klein3.png","width":140,"height":41,"caption":"malik international AG"},"image":{"@id":"https:\/\/www.malik-management.com\/de\/#\/schema\/logo\/image\/"},"sameAs":["https:\/\/www.linkedin.com\/company\/30160","https:\/\/www.youtube.com\/user\/malikmanagement"]}]}},"_links":{"self":[{"href":"https:\/\/www.malik-management.com\/de\/wp-json\/wp\/v2\/pages\/21849","targetHints":{"allow":["GET"]}}],"collection":[{"href":"https:\/\/www.malik-management.com\/de\/wp-json\/wp\/v2\/pages"}],"about":[{"href":"https:\/\/www.malik-management.com\/de\/wp-json\/wp\/v2\/types\/page"}],"author":[{"embeddable":true,"href":"https:\/\/www.malik-management.com\/de\/wp-json\/wp\/v2\/users\/17"}],"replies":[{"embeddable":true,"href":"https:\/\/www.malik-management.com\/de\/wp-json\/wp\/v2\/comments?post=21849"}],"version-history":[{"count":5,"href":"https:\/\/www.malik-management.com\/de\/wp-json\/wp\/v2\/pages\/21849\/revisions"}],"predecessor-version":[{"id":25013,"href":"https:\/\/www.malik-management.com\/de\/wp-json\/wp\/v2\/pages\/21849\/revisions\/25013"}],"up":[{"embeddable":true,"href":"https:\/\/www.malik-management.com\/de\/wp-json\/wp\/v2\/pages\/21848"}],"wp:attachment":[{"href":"https:\/\/www.malik-management.com\/de\/wp-json\/wp\/v2\/media?parent=21849"}],"curies":[{"name":"wp","href":"https:\/\/api.w.org\/{rel}","templated":true}]}}